{"id":1639,"date":"2020-03-19T17:17:45","date_gmt":"2020-03-19T16:17:45","guid":{"rendered":"http:\/\/merzbach.be\/?page_id=1639"},"modified":"2020-05-16T14:53:11","modified_gmt":"2020-05-16T12:53:11","slug":"jeanne-annemans","status":"publish","type":"page","link":"https:\/\/merzbach.be\/index.php\/jeanne-annemans\/","title":{"rendered":"Jeanne Annemans"},"content":{"rendered":"<p>[vc_section][vc_row][vc_column][vc_text_separator title=&#8221;HISTOIRE&#8221; title_align=&#8221;separator_align_left&#8221; color=&#8221;chino&#8221; border_width=&#8221;2&#8243;][\/vc_column][\/vc_row][vc_row equal_height=&#8221;yes&#8221; content_placement=&#8221;middle&#8221;][vc_column width=&#8221;1\/3&#8243;][vc_single_image image=&#8221;1735&#8243; img_size=&#8221;304&#215;370&#8243; add_caption=&#8221;yes&#8221; alignment=&#8221;center&#8221; style=&#8221;vc_box_border&#8221; onclick=&#8221;link_image&#8221;][\/vc_column][vc_column width=&#8221;2\/3&#8243;][vc_custom_heading text=&#8221;Jeanne Annemans `{`1883 &#8211; 1948`}`&#8221; font_container=&#8221;tag:h3|font_size:24px|text_align:left|line_height:1.6em&#8221; google_fonts=&#8221;font_family:Open%20Sans%3A300%2C300italic%2Cregular%2Citalic%2C600%2C600italic%2C700%2C700italic%2C800%2C800italic|font_style:600%20bold%20regular%3A600%3Anormal&#8221; css_animation=&#8221;fadeInDown&#8221;][vc_custom_heading text=&#8221;Jeanne St\u00e9phanie Louise Annemans est la femme de Charles Merzbach et se sont mari\u00e9 17 d\u00e9cembre 1912.&#8221; font_container=&#8221;tag:h3|font_size:18px|text_align:left|color:%23666666|line_height:1.6em&#8221; google_fonts=&#8221;font_family:Bitter%3Aregular%2Citalic%2C700|font_style:400%20regular%3A400%3Anormal&#8221; css_animation=&#8221;fadeIn&#8221;][vc_column_text]<\/p>\n<p style=\"text-align: justify;\">Elle est n\u00e9e \u00e0 Bruxelles 6 f\u00e9vrier 1883 et d\u00e9c\u00e8de aux \u00ab Fauvettes\u00bb le 9 novembre 1948. Jeanne Annemans fut membre du Comit\u00e9 des dames patronesses de la Ligue Nationale Belge contre la Tuberculose. Son engagement lui valu de nombreux d\u00e9corations comme les palmes d\u2019or de la Couronne, de la m\u00e9daille de la Croix-Rouge,&#8230;<\/p>\n<p>[\/vc_column_text][vc_btn title=&#8221;Carte d&#8217;identit\u00e9&#8221; style=&#8221;outline&#8221; color=&#8221;inverse&#8221; size=&#8221;xs&#8221; align=&#8221;center&#8221; i_type=&#8221;linecons&#8221; i_icon_linecons=&#8221;vc_li vc_li-user&#8221; add_icon=&#8221;true&#8221; link=&#8221;url:http%3A%2F%2Fmerzbach.be%2Findex.php%2Fgallery%2Fcarte-didentite-de-jeanne-annemans%2F|title:Carte%20d%E2%80%99identit%C3%A9%20de%20Jeanne%20Annemans|target:%20_blank|&#8221;][\/vc_column][\/vc_row][vc_row][vc_column][vc_custom_heading text=&#8221;Son mariage avec Charles&#8221; font_container=&#8221;tag:h2|font_size:20%20px|text_align:left|color:%233f3f3f&#8221; google_fonts=&#8221;font_family:Open%20Sans%3A300%2C300italic%2Cregular%2Citalic%2C600%2C600italic%2C700%2C700italic%2C800%2C800italic|font_style:600%20bold%20regular%3A600%3Anormal&#8221; css_animation=&#8221;fadeInRight&#8221;][\/vc_column][\/vc_row][vc_row equal_height=&#8221;yes&#8221; content_placement=&#8221;middle&#8221;][vc_column width=&#8221;1\/2&#8243;][vc_custom_heading text=&#8221;Jeanne \u00e9pousa&#8221; font_container=&#8221;tag:p|font_size:19%20px|text_align:center|color:%233f3f3f|line_height:1.6%20em&#8221; google_fonts=&#8221;font_family:Bitter%3Aregular%2Citalic%2C700|font_style:400%20regular%3A400%3Anormal&#8221; css_animation=&#8221;none&#8221;][vc_custom_heading text=&#8221;Charles Merzbach&#8221; font_container=&#8221;tag:p|font_size:22%20px|text_align:center|color:%233f3f3f|line_height:1.7%20em&#8221; google_fonts=&#8221;font_family:Bitter%3Aregular%2Citalic%2C700|font_style:700%20bold%20regular%3A700%3Anormal&#8221; css_animation=&#8221;none&#8221; css=&#8221;.vc_custom_1589624861618{margin-top: -18px !important;}&#8221;][vc_custom_heading text=&#8221;le 17 d\u00e9cembre 1912 \u00e0 Bruxelles&#8221; font_container=&#8221;tag:p|font_size:17%20px|text_align:center|color:%23ccc0a8|line_height:1.6%20em&#8221; google_fonts=&#8221;font_family:Bitter%3Aregular%2Citalic%2C700|font_style:400%20regular%3A400%3Anormal&#8221; css_animation=&#8221;fadeInDown&#8221; css=&#8221;.vc_custom_1589624869523{margin-top: -20px !important;}&#8221;][vc_separator border_width=&#8221;3&#8243; el_width=&#8221;10&#8243; css_animation=&#8221;fadeInDown&#8221;][vc_custom_heading text=&#8221;Sur la photo ont aper\u00e7oit le couple le jour de leur mariage.&#8221; font_container=&#8221;tag:p|font_size:15%20px|text_align:center|color:%23999999|line_height:1.6%20em&#8221; google_fonts=&#8221;font_family:Bitter%3Aregular%2Citalic%2C700|font_style:400%20regular%3A400%3Anormal&#8221; css=&#8221;.vc_custom_1589624316092{margin-top: -10px !important;}&#8221;][vc_btn title=&#8221;Annonce de fianciaille&#8221; style=&#8221;flat&#8221; color=&#8221;chino&#8221; size=&#8221;xs&#8221; align=&#8221;center&#8221; i_type=&#8221;linecons&#8221; i_icon_linecons=&#8221;vc_li vc_li-search&#8221; css_animation=&#8221;flipInX&#8221; add_icon=&#8221;true&#8221; link=&#8221;url:http%3A%2F%2Fmerzbach.be%2Findex.php%2Fgallery%2Fannonce-de-fianciaille-jeanne-et-charles%2F|title:Annonce%20de%20fianciaille%20Jeanne%20et%20Charles|target:%20_blank|&#8221;][\/vc_column][vc_column width=&#8221;1\/2&#8243;][vc_single_image image=&#8221;1731&#8243; img_size=&#8221;245&#215;380&#8243; alignment=&#8221;center&#8221; style=&#8221;vc_box_border&#8221; onclick=&#8221;link_image&#8221;][\/vc_column][\/vc_row][vc_row][vc_column offset=&#8221;vc_hidden-xs&#8221;][vc_empty_space height=&#8221;20px&#8221;][\/vc_column][\/vc_row][vc_row][vc_column][vc_custom_heading text=&#8221;D\u00e9couvrez des documents&#8221; font_container=&#8221;tag:p|font_size:19%20px|text_align:center|color:%23ccc0a8|line_height:1.6%20em&#8221; google_fonts=&#8221;font_family:Bitter%3Aregular%2Citalic%2C700|font_style:400%20regular%3A400%3Anormal&#8221; css_animation=&#8221;none&#8221;][vc_custom_heading text=&#8221;conserv\u00e9s de leur mariage&#8221; font_container=&#8221;tag:p|font_size:22%20px|text_align:center|color:%233f3f3f|line_height:1.7%20em&#8221; google_fonts=&#8221;font_family:Bitter%3Aregular%2Citalic%2C700|font_style:700%20bold%20regular%3A700%3Anormal&#8221; css_animation=&#8221;none&#8221; css=&#8221;.vc_custom_1589631456523{margin-top: -18px !important;}&#8221;][vc_separator border_width=&#8221;3&#8243; el_width=&#8221;10&#8243; css_animation=&#8221;fadeInDown&#8221;][\/vc_column][\/vc_row][vc_row][vc_column width=&#8221;1\/4&#8243;][vc_single_image image=&#8221;1751&#8243; img_size=&#8221;313&#215;200&#8243; add_caption=&#8221;yes&#8221; alignment=&#8221;center&#8221; style=&#8221;vc_box_border&#8221; onclick=&#8221;custom_link&#8221; img_link_target=&#8221;_blank&#8221; link=&#8221;https:\/\/merzbach.be\/index.php\/gallery\/invitation-mariage-jeanne\/&#8221;][\/vc_column][vc_column width=&#8221;1\/4&#8243;][vc_single_image image=&#8221;1746&#8243; img_size=&#8221;144&#215;200&#8243; add_caption=&#8221;yes&#8221; alignment=&#8221;center&#8221; style=&#8221;vc_box_border&#8221; onclick=&#8221;custom_link&#8221; img_link_target=&#8221;_blank&#8221; link=&#8221;https:\/\/merzbach.be\/index.php\/gallery\/acte-mariage-jeanne\/&#8221;][\/vc_column][vc_column width=&#8221;1\/4&#8243;][vc_single_image image=&#8221;1780&#8243; img_size=&#8221;144&#215;200&#8243; add_caption=&#8221;yes&#8221; alignment=&#8221;center&#8221; style=&#8221;vc_box_border&#8221; onclick=&#8221;custom_link&#8221; img_link_target=&#8221;_blank&#8221; link=&#8221;https:\/\/merzbach.be\/index.php\/gallery\/menu-de-mariage-jeanne\/&#8221;][\/vc_column][vc_column width=&#8221;1\/4&#8243;][vc_single_image image=&#8221;1749&#8243; img_size=&#8221;144&#215;200&#8243; add_caption=&#8221;yes&#8221; alignment=&#8221;center&#8221; style=&#8221;vc_box_border&#8221; onclick=&#8221;custom_link&#8221; img_link_target=&#8221;_blank&#8221; link=&#8221;https:\/\/merzbach.be\/index.php\/gallery\/faire-part-de-mariage-jeanne\/&#8221;][\/vc_column][\/vc_row][vc_row][vc_column offset=&#8221;vc_hidden-xs&#8221;][vc_empty_space height=&#8221;20px&#8221;][\/vc_column][\/vc_row][\/vc_section][vc_section][vc_row equal_height=&#8221;yes&#8221; content_placement=&#8221;middle&#8221;][vc_column width=&#8221;1\/2&#8243;][vc_images_carousel images=&#8221;1795,1796&#8243; img_size=&#8221;full&#8221; onclick=&#8221;link_no&#8221; mode=&#8221;vertical&#8221; speed=&#8221;3000&#8243; autoplay=&#8221;yes&#8221; hide_pagination_control=&#8221;yes&#8221; wrap=&#8221;yes&#8221;][\/vc_column][vc_column width=&#8221;1\/2&#8243;][vc_custom_heading text=&#8221;Apr\u00e8s leur mariage ils eurent&#8221; font_container=&#8221;tag:p|font_size:19%20px|text_align:center|color:%233f3f3f|line_height:1.6%20em&#8221; google_fonts=&#8221;font_family:Bitter%3Aregular%2Citalic%2C700|font_style:400%20regular%3A400%3Anormal&#8221; css_animation=&#8221;none&#8221;][vc_custom_heading text=&#8221;deux filles :&#8221; font_container=&#8221;tag:p|font_size:22%20px|text_align:center|color:%23ccc0a8|line_height:1.7%20em&#8221; google_fonts=&#8221;font_family:Bitter%3Aregular%2Citalic%2C700|font_style:700%20bold%20regular%3A700%3Anormal&#8221; css_animation=&#8221;none&#8221; css=&#8221;.vc_custom_1589630863632{margin-top: -18px !important;}&#8221;][vc_custom_heading text=&#8221;Ghislaine &#038; Claire&#8221; font_container=&#8221;tag:p|font_size:19%20px|text_align:center|color:%233f3f3f|line_height:1.6%20em&#8221; google_fonts=&#8221;font_family:Bitter%3Aregular%2Citalic%2C700|font_style:700%20bold%20regular%3A700%3Anormal&#8221; css_animation=&#8221;none&#8221; css=&#8221;.vc_custom_1589630901255{margin-top: -15px !important;}&#8221;][\/vc_column][\/vc_row][vc_row][vc_column offset=&#8221;vc_hidden-xs&#8221;][vc_empty_space height=&#8221;20px&#8221;][\/vc_column][\/vc_row][\/vc_section][vc_section][vc_row equal_height=&#8221;yes&#8221; content_placement=&#8221;middle&#8221;][vc_column width=&#8221;1\/2&#8243;][vc_custom_heading text=&#8221;Via les Pays-Bas,  Jeanne&#8221; font_container=&#8221;tag:p|font_size:17%20px|text_align:center|color:%23ccc0a8|line_height:1.6%20em&#8221; google_fonts=&#8221;font_family:Bitter%3Aregular%2Citalic%2C700|font_style:400%20regular%3A400%3Anormal&#8221; css_animation=&#8221;none&#8221;][vc_custom_heading text=&#8221;gagna en 1915 l&#8217;Angleterre avec ses enfants&#8221; font_container=&#8221;tag:p|font_size:19%20px|text_align:center|color:%233f3f3f|line_height:1.6%20em&#8221; google_fonts=&#8221;font_family:Bitter%3Aregular%2Citalic%2C700|font_style:700%20bold%20regular%3A700%3Anormal&#8221; css_animation=&#8221;none&#8221; css=&#8221;.vc_custom_1589633085748{margin-top: -20px !important;}&#8221;][vc_custom_heading text=&#8221;pour \u00e9chapper \u00e0 l&#8217;occupation allemande&#8221; font_container=&#8221;tag:p|font_size:17%20px|text_align:center|color:%233f3f3f|line_height:1.6%20em&#8221; google_fonts=&#8221;font_family:Bitter%3Aregular%2Citalic%2C700|font_style:400%20regular%3A400%3Anormal&#8221; css_animation=&#8221;none&#8221; css=&#8221;.vc_custom_1589633101645{margin-top: -18px !important;}&#8221;][vc_separator border_width=&#8221;3&#8243; el_width=&#8221;10&#8243; css_animation=&#8221;fadeInDown&#8221;][vc_custom_heading text=&#8221;Elle habita Wimbledon jusqu\u2019a la fin de la guerre, o\u00f9 Charles pouvait venir voir sa famille.&#8221; font_container=&#8221;tag:p|font_size:15%20px|text_align:center|color:%23999999|line_height:1.6%20em&#8221; google_fonts=&#8221;font_family:Bitter%3Aregular%2Citalic%2C700|font_style:400%20regular%3A400%3Anormal&#8221; css=&#8221;.vc_custom_1589633232638{margin-top: -10px !important;}&#8221;][vc_btn title=&#8221;Laisser pass\u00e9 pour l&#8217;Angleterre&#8221; style=&#8221;outline&#8221; color=&#8221;chino&#8221; size=&#8221;xs&#8221; align=&#8221;center&#8221; i_type=&#8221;linecons&#8221; i_icon_linecons=&#8221;vc_li vc_li-search&#8221; add_icon=&#8221;true&#8221; link=&#8221;url:http%3A%2F%2Fmerzbach.be%2Findex.php%2Fgallery%2Flaisser-passe-de-jeanne%2F|title:Laisser%20Pass%C3%A9%20de%20Jeanne||&#8221;][\/vc_column][vc_column width=&#8221;1\/2&#8243;][vc_single_image image=&#8221;1759&#8243; img_size=&#8221;full&#8221; add_caption=&#8221;yes&#8221; style=&#8221;vc_box_border&#8221; onclick=&#8221;link_image&#8221;][\/vc_column][\/vc_row][vc_row equal_height=&#8221;yes&#8221; content_placement=&#8221;middle&#8221;][vc_column width=&#8221;1\/3&#8243;][vc_single_image image=&#8221;1815&#8243; img_size=&#8221;medium&#8221; alignment=&#8221;center&#8221; style=&#8221;vc_box_border&#8221; onclick=&#8221;link_image&#8221;][\/vc_column][vc_column width=&#8221;2\/3&#8243;][vc_custom_heading text=&#8221;Photo des 4 enfants \u00e0 heyst sur mer `{`29 juin 1923`}`&#8221; font_container=&#8221;tag:h5|font_size:18px|text_align:left|color:%23666666|line_height:1.6em&#8221; google_fonts=&#8221;font_family:Bitter%3Aregular%2Citalic%2C700|font_style:400%20regular%3A400%3Anormal&#8221; css_animation=&#8221;fadeIn&#8221;][vc_column_text]Apr\u00e9s la guerre, Charles et Jeanne s&#8217;install\u00e9rent dans l&#8217;immeuble du <strong>7, rue Vergote <\/strong>o\u00f9 leurs deux fils sont n\u00e9es:<\/p>\n<p style=\"text-align: center;\"><strong>Henry | Guy<\/strong><\/p>\n<p>[\/vc_column_text][\/vc_column][\/vc_row][\/vc_section][vc_section full_width=&#8221;stretch_row&#8221; css=&#8221;.vc_custom_1584879056742{background-color: #f4f4f4 !important;}&#8221;][vc_row equal_height=&#8221;yes&#8221; content_placement=&#8221;middle&#8221;][vc_column width=&#8221;1\/3&#8243;][vc_separator color=&#8221;chino&#8221; align=&#8221;align_right&#8221; border_width=&#8221;3&#8243; el_width=&#8221;80&#8243;][\/vc_column][vc_column width=&#8221;1\/3&#8243;][vc_custom_heading text=&#8221;FAMILLE MERZBACH&#8221; font_container=&#8221;tag:h2|font_size:23%20px|text_align:center|color:%233f3f3f&#8221; google_fonts=&#8221;font_family:Open%20Sans%3A300%2C300italic%2Cregular%2Citalic%2C600%2C600italic%2C700%2C700italic%2C800%2C800italic|font_style:600%20bold%20regular%3A600%3Anormal&#8221;][\/vc_column][vc_column width=&#8221;1\/3&#8243;][vc_separator color=&#8221;chino&#8221; align=&#8221;align_left&#8221; border_width=&#8221;3&#8243; el_width=&#8221;80&#8243;][\/vc_column][\/vc_row][vc_row][vc_column][vc_tta_pageable no_fill_content_area=&#8221;1&#8243; autoplay=&#8221;3&#8243; active_section=&#8221;1&#8243; pagination_style=&#8221;flat-rounded&#8221; pagination_color=&#8221;chino&#8221; tab_position=&#8221;top&#8221;][vc_tta_section title=&#8221;Section 1&#8243; tab_id=&#8221;1584872911074-25cd5c94-e8d6&#8243;][vc_row_inner equal_height=&#8221;yes&#8221; content_placement=&#8221;middle&#8221;][vc_column_inner width=&#8221;1\/2&#8243;][vc_single_image image=&#8221;1808&#8243; img_size=&#8221;large&#8221; alignment=&#8221;center&#8221;][\/vc_column_inner][vc_column_inner width=&#8221;1\/2&#8243;][vc_custom_heading text=&#8221;Photo avant la guerre `{`9 septembre 1914`}`&#8221; font_container=&#8221;tag:h3|font_size:18px|text_align:left|color:%23666666|line_height:1.6em&#8221; google_fonts=&#8221;font_family:Bitter%3Aregular%2Citalic%2C700|font_style:400%20regular%3A400%3Anormal&#8221; css_animation=&#8221;fadeIn&#8221;][vc_column_text]Ir\u00e9ne R. | Claire M. | Jeanne | Pauline | Ghislaine M. | Solange R.[\/vc_column_text][\/vc_column_inner][\/vc_row_inner][\/vc_tta_section][vc_tta_section title=&#8221;Section 2&#8243; tab_id=&#8221;1584872911074-306cf2e3-935d&#8221;][vc_row_inner equal_height=&#8221;yes&#8221; content_placement=&#8221;middle&#8221;][vc_column_inner width=&#8221;1\/2&#8243;][vc_custom_heading text=&#8221;Photo de Famille `{`1931`}`&#8221; font_container=&#8221;tag:h3|font_size:18px|text_align:right|color:%23666666|line_height:1.6em&#8221; google_fonts=&#8221;font_family:Bitter%3Aregular%2Citalic%2C700|font_style:400%20regular%3A400%3Anormal&#8221; css_animation=&#8221;fadeIn&#8221;][vc_column_text]<\/p>\n<p style=\"text-align: right;\">Charles | <strong>Claire<\/strong> | Jeanne | H\u00e9l\u00e8ne | <strong>Ghislaine<\/strong>\u00a0 \u00a0\u00a0<strong>Guy <\/strong>| Pauline | <strong>Henri<\/strong><\/p>\n<p>[\/vc_column_text][\/vc_column_inner][vc_column_inner width=&#8221;1\/2&#8243;][vc_single_image image=&#8221;1755&#8243; img_size=&#8221;large&#8221; style=&#8221;vc_box_border&#8221; border_color=&#8221;chino&#8221;][\/vc_column_inner][\/vc_row_inner][\/vc_tta_section][vc_tta_section title=&#8221;Section&#8221; tab_id=&#8221;1584873137415-acec6c8c-9f3a&#8221;][vc_row_inner equal_height=&#8221;yes&#8221; content_placement=&#8221;middle&#8221;][vc_column_inner width=&#8221;1\/2&#8243;][vc_single_image image=&#8221;1733&#8243; img_size=&#8221;large&#8221; alignment=&#8221;center&#8221; style=&#8221;vc_box_border&#8221; border_color=&#8221;chino&#8221;][\/vc_column_inner][vc_column_inner width=&#8221;1\/2&#8243;][vc_custom_heading text=&#8221;Photo pr\u00eat du Palais du Palais de Willanow \u00e0 Varsovie sur les traces d&#8217;Henryk `{`Aout 1933`}`&#8221; font_container=&#8221;tag:h5|font_size:18px|text_align:left|color:%23666666|line_height:1.6em&#8221; google_fonts=&#8221;font_family:Bitter%3Aregular%2Citalic%2C700|font_style:400%20regular%3A400%3Anormal&#8221; css_animation=&#8221;fadeIn&#8221;][vc_column_text]<\/p>\n<p style=\"text-align: left;\">Jeanne | Charles<\/p>\n<p>[\/vc_column_text][\/vc_column_inner][\/vc_row_inner][\/vc_tta_section][\/vc_tta_pageable][\/vc_column][\/vc_row][\/vc_section][vc_section][vc_row equal_height=&#8221;yes&#8221; content_placement=&#8221;middle&#8221;][vc_column width=&#8221;1\/4&#8243;][vc_separator align=&#8221;align_right&#8221; border_width=&#8221;3&#8243; el_width=&#8221;80&#8243;][\/vc_column][vc_column width=&#8221;2\/4&#8243;][vc_custom_heading text=&#8221;Jeanne et ses descendants&#8221; font_container=&#8221;tag:h2|font_size:23%20px|text_align:center|color:%233f3f3f&#8221; google_fonts=&#8221;font_family:Open%20Sans%3A300%2C300italic%2Cregular%2Citalic%2C600%2C600italic%2C700%2C700italic%2C800%2C800italic|font_style:600%20bold%20regular%3A600%3Anormal&#8221;][\/vc_column][vc_column width=&#8221;1\/4&#8243;][vc_separator align=&#8221;align_left&#8221; border_width=&#8221;3&#8243; el_width=&#8221;80&#8243;][\/vc_column][\/vc_row][vc_row][vc_column][vc_empty_space][vc_tta_tabs style=&#8221;outline&#8221; color=&#8221;black&#8221; spacing=&#8221;5&#8243; tab_position=&#8221;bottom&#8221; alignment=&#8221;center&#8221; active_section=&#8221;1&#8243; no_fill_content_area=&#8221;true&#8221;][vc_tta_section i_type=&#8221;linecons&#8221; i_icon_linecons=&#8221;vc_li vc_li-user&#8221; add_icon=&#8221;true&#8221; tab_id=&#8221;1584635877188-072bbb34-a631&#8243;][vc_row_inner equal_height=&#8221;yes&#8221; content_placement=&#8221;middle&#8221; css=&#8221;.vc_custom_1584878244739{margin-top: -20px !important;}&#8221;][vc_column_inner width=&#8221;1\/3&#8243;][vc_custom_heading text=&#8221;Saurez-vous capable de reconnaitres tous les descendants?&#8221; font_container=&#8221;tag:h5|font_size:18px|text_align:right|color:%23666666|line_height:1.6em&#8221; google_fonts=&#8221;font_family:Bitter%3Aregular%2Citalic%2C700|font_style:400%20regular%3A400%3Anormal&#8221; css_animation=&#8221;fadeIn&#8221;][\/vc_column_inner][vc_column_inner width=&#8221;2\/3&#8243;][vc_single_image image=&#8221;1645&#8243; img_size=&#8221;large&#8221; alignment=&#8221;center&#8221;][\/vc_column_inner][\/vc_row_inner][\/vc_tta_section][vc_tta_section i_type=&#8221;linecons&#8221; i_icon_linecons=&#8221;vc_li vc_li-search&#8221; add_icon=&#8221;true&#8221; title=&#8221;R\u00e9ponse&#8221; tab_id=&#8221;1584635877189-cd153c47-e72c&#8221;][vc_row_inner css=&#8221;.vc_custom_1584878156428{margin-top: -20px !important;}&#8221;][vc_column_inner width=&#8221;1\/3&#8243;][vc_custom_heading text=&#8221;1. Ghislaine Hachez &#8211; Merzbach<br \/>\n2. Etienne Hachez `{`n\u00e9 en 1948`}`<br \/>\n3. Christine Hachez<br \/>\n4. Jeanne Annemans &#8211; Merzbach<br \/>\n5. Nicole Fritzen &#8211; Merzbach<br \/>\n6. Claire Theunis &#8211; Merzbach<br \/>\n7. Baudouin Theunis `{`n\u00e9 fin 1947`}`<br \/>\n8. Charles Merzbach `{`n\u00e9 en 1948`}`<br \/>\n9. Henriette Cazenave &#8211; Merzbach<br \/>\n10. Henri Merzbach<br \/>\n11. Freddy Hachez<br \/>\n12. Georges Theunis<br \/>\n13. Christiane Theunis<br \/>\n14. Guy Theunis<br \/>\n15. Fran\u00e7oise Hachez<br \/>\n16. Marc Theunis&#8221; font_container=&#8221;tag:p|font_size:15%20px|text_align:left&#8221; use_theme_fonts=&#8221;yes&#8221;][\/vc_column_inner][vc_column_inner width=&#8221;2\/3&#8243;][vc_single_image image=&#8221;1650&#8243; img_size=&#8221;large&#8221;][\/vc_column_inner][\/vc_row_inner][\/vc_tta_section][\/vc_tta_tabs][\/vc_column][\/vc_row][vc_row][vc_column][vc_empty_space][\/vc_column][\/vc_row][\/vc_section][vc_section][vc_row equal_height=&#8221;yes&#8221; content_placement=&#8221;middle&#8221;][vc_column width=&#8221;1\/3&#8243;][vc_single_image image=&#8221;1765&#8243; img_size=&#8221;medium&#8221; alignment=&#8221;center&#8221; style=&#8221;vc_box_border&#8221; border_color=&#8221;chino&#8221;][\/vc_column][vc_column width=&#8221;2\/3&#8243;][vc_custom_heading text=&#8221;La Famille Annemans&#8221; font_container=&#8221;tag:h2|font_size:23%20px|text_align:left|color:%233f3f3f&#8221; google_fonts=&#8221;font_family:Open%20Sans%3A300%2C300italic%2Cregular%2Citalic%2C600%2C600italic%2C700%2C700italic%2C800%2C800italic|font_style:600%20bold%20regular%3A600%3Anormal&#8221;][vc_custom_heading text=&#8221;La suite du texte est inspir\u00e9 de recueil r\u00e9dig\u00e9 par Guy Merzbach.&#8221; font_container=&#8221;tag:h3|font_size:16px|text_align:left|color:%23666666|line_height:1.6em&#8221; google_fonts=&#8221;font_family:Bitter%3Aregular%2Citalic%2C700|font_style:400%20regular%3A400%3Anormal&#8221; css_animation=&#8221;fadeIn&#8221;][vc_column_text]<\/p>\n<p style=\"text-align: justify;\">D\u2019apr\u00e9s la <strong>tradition familiale Annemans<\/strong>, le pr\u00e9nom de Pierre se transmettait de p\u00e9re en fils : il y a eu \u00e0 Bruxelles pendant plus de 225 ans un Pierre Annemans. Le p\u00e9re de Jeanne, s\u2019appelait d\u2019ailleurs, <strong>Pierre-Marie-Etienne Annemans<\/strong>, est n\u00e9 \u00e0 Bruxelles [1 janvier 1849] \u00e0 &#8220;douze heures du midi&#8221; comme I\u2019indique son acte de naissance et d\u00e9c\u00e9d\u00e9 \u00e0 Schaerbeek au \u00abLindthout\u00bb, 199 Avenue de Roodebeek [6 f\u00e9vrier 1926] dans sa 78 ann\u00e9e.<\/p>\n<p>[\/vc_column_text][\/vc_column][\/vc_row][vc_row][vc_column][vc_column_text]<\/p>\n<p style=\"text-align: justify;\">Il \u00e9pousa \u00e0 Bruxelles le 20 septembre 1870 <strong>Marie-charlotte Van Volxem<\/strong> , n\u00e9e \u00e0 Bruxelles le 22 novembre 1850, secr\u00e9taire du Comit\u00e9 des dames patronnesses de la Ligue Nationale Belge contre la Tuberculose, chevalier de l\u2019Ordre de L\u00e9opold, d\u00e9cor\u00e9e de la M\u00e9daille de la Reine Elisabeth et d\u00e9c\u00e9d\u00e9e au &#8216;Lindthout&#8217; le <strong>22 juin 1924<\/strong>. Elle est la fille de <strong>Jean-Francois Van Volxem<\/strong> et de <strong>Jeanne-Catherine de Joncker<\/strong> (1830-1875). La famille Van Volxem est originaire de Ruisbroek. Un de ses membres fut le 2\u00e8me bourgmestre de Bruxelles.<\/p>\n<p style=\"text-align: justify;\">Les t\u00e9moins de leur mariage \u00e9taient : <strong>Max Morel <\/strong>un avocat de 48 ans et <strong>Jean-Baptiste De Pauw<\/strong>, rentier de 57 ans et oncles du mari\u00e9, <strong>Josse Vandevelde<\/strong>, notaire, 47 ans, et <strong>Tobie Van Volxem<\/strong>, docteur en m\u00e9decine, 39 ans, oncles de l\u2019\u00e9pouse.<\/p>\n<p>[\/vc_column_text][\/vc_column][\/vc_row][\/vc_section][vc_section][vc_row][vc_column][vc_row_inner][vc_column_inner][vc_column_text]Ils eurent cinq filles :[\/vc_column_text][\/vc_column_inner][\/vc_row_inner][vc_tta_tabs style=&#8221;modern&#8221; shape=&#8221;square&#8221; color=&#8221;chino&#8221; spacing=&#8221;5&#8243; gap=&#8221;5&#8243; alignment=&#8221;center&#8221; active_section=&#8221;1&#8243;][vc_tta_section title=&#8221;Marie&#8221; tab_id=&#8221;1584880829346-453d395b-c06e&#8221;][vc_column_text]<strong>MARIE PIERRE CATHERINE ANNEMANS [1871 &#8211; ?]<\/strong><\/p>\n<p>Elle est n\u00e9e \u00e0 Bruxelles le 21 mai 1871. Marie fut mari\u00e9 au <strong>Docteur Constant la Haye<\/strong> [Neeryssche 21 mars 1873], fils de Jean Baptiste et de Marie Louise Peeters. Il eurent <strong>trois enfants<\/strong>, tous n\u00e9s \u00e0 Hoeylaert:[\/vc_column_text][vc_row_inner][vc_column_inner width=&#8221;1\/3&#8243;][vc_column_text]<\/p>\n<p style=\"text-align: justify;\"><strong>Marie Louise La Haye<\/strong><\/p>\n<p style=\"text-align: justify;\">N\u00e9e le mars 1902 et d\u00e9c\u00e9d\u00e9e \u00e0 Bruxelles le 10 janvier 1909.<\/p>\n<p>[\/vc_column_text][\/vc_column_inner][vc_column_inner width=&#8221;1\/3&#8243;][vc_column_text]<\/p>\n<p style=\"text-align: justify;\"><strong>Pierre L. M. Constant La Haye<\/strong><\/p>\n<p style=\"text-align: justify;\">N\u00e9 le 28 f\u00e9vrier 1903, docteur en m\u00e9decine, \u00e9pouse \u00e0 Boitsfort [9 octobre 1934] <strong>Simone V. M. Morel<\/strong>.<\/p>\n<p>[\/vc_column_text][\/vc_column_inner][vc_column_inner width=&#8221;1\/3&#8243;][vc_column_text]<\/p>\n<p style=\"text-align: justify;\"><strong>Louis B. J. Constant La Haye<\/strong><\/p>\n<p style=\"text-align: justify;\">N\u00e9 le 7 mars 1904, avocat \u00e0 la Cour d\u2019Appel de Bruxelles, d\u00e9c\u00e9d\u00e9 \u00e0 Malais\u00a0 le 28 juin 1938, et mari\u00e9 \u00e0 Bruxelles [14 juillet 1927] avec <strong>Marie-Anne-Elisabeth Trachet<\/strong>.<\/p>\n<p>[\/vc_column_text][\/vc_column_inner][\/vc_row_inner][\/vc_tta_section][vc_tta_section title=&#8221;Berthe&#8221; tab_id=&#8221;1584880829347-3a387052-460e&#8221;][vc_row_inner][vc_column_inner width=&#8221;1\/3&#8243;][vc_single_image image=&#8221;1829&#8243; img_size=&#8221;medium&#8221; alignment=&#8221;center&#8221; style=&#8221;vc_box_border&#8221;][\/vc_column_inner][vc_column_inner width=&#8221;2\/3&#8243;][vc_column_text]<strong>BERTHE ANNEMANS [1872 &#8211; 1926]<\/strong><\/p>\n<p>Elle est n\u00e9e \u00e0 Bruxelles le 22 Octobre 1872 et d\u00e9c\u00e8de le 2 Septembre 1926. Berthe fut d\u00e9cor\u00e9e de la m\u00e9daille de la Reine Elisabeth avec Croix Rouge.[\/vc_column_text][vc_media_grid element_width=&#8221;3&#8243; item=&#8221;mediaGrid_SimpleOverlay&#8221; grid_id=&#8221;vc_gid:1589632383559-9cc224890bf5a34bc044d05c36daae5a-0&#8243; include=&#8221;1830,1831,1832&#8243;][\/vc_column_inner][\/vc_row_inner][\/vc_tta_section][vc_tta_section title=&#8221;Lucie&#8221; tab_id=&#8221;1584883256355-acf01e21-ea42&#8243;][vc_row_inner][vc_column_inner width=&#8221;1\/3&#8243;][vc_single_image image=&#8221;1834&#8243; img_size=&#8221;medium&#8221; alignment=&#8221;center&#8221; style=&#8221;vc_box_border&#8221;][\/vc_column_inner][vc_column_inner width=&#8221;2\/3&#8243;][vc_column_text]<strong>LUCIE JOSEPHINE VICTORINE ANNEMANS [1873 &#8211; 1936]<\/strong><\/p>\n<p>Elle est n\u00e9e \u00e0 Bruxelles le 27 D\u00e9cembre 1873 et d\u00e9c\u00e9d\u00e9e \u00e0 Bruxelles le 1 juin 1936.[\/vc_column_text][\/vc_column_inner][\/vc_row_inner][\/vc_tta_section][vc_tta_section title=&#8221;Alice&#8221; tab_id=&#8221;1584883258041-7898962d-5cfb&#8221;][vc_row_inner][vc_column_inner width=&#8221;2\/3&#8243;][vc_column_text]<\/p>\n<p style=\"text-align: justify;\"><strong>ALICE HENRIETTE PETRONILLE P. ANNEMANS [1877 &#8211; 1943]<\/strong><\/p>\n<p style=\"text-align: justify;\">Elle est n\u00e9e \u00e0 Bruxelles le 11 janvier 1877 et d\u00e9c\u00e9de \u00e0 Bruxelles le 9 Janvier 1943. Comme peut en t\u00e9moignagner l&#8217;illustration de droite une annonce dans le magasine le Soir fut publi\u00e9 pour annoncer son d\u00e9c\u00e8s.<\/p>\n<p>[\/vc_column_text][\/vc_column_inner][vc_column_inner width=&#8221;1\/3&#8243;][vc_media_grid element_width=&#8221;12&#8243; item=&#8221;mediaGrid_SimpleOverlay&#8221; grid_id=&#8221;vc_gid:1589632385034-0243eab1a882f292e841b3bcaa10e187-0&#8243; include=&#8221;1836&#8243;][\/vc_column_inner][\/vc_row_inner][\/vc_tta_section][vc_tta_section title=&#8221;Jeanne&#8221; tab_id=&#8221;1584883261625-256eaf53-af3c&#8221;][vc_row_inner][vc_column_inner width=&#8221;1\/3&#8243;][vc_single_image image=&#8221;1837&#8243; img_size=&#8221;medium&#8221; alignment=&#8221;center&#8221; style=&#8221;vc_box_border&#8221;][\/vc_column_inner][vc_column_inner width=&#8221;2\/3&#8243;][vc_column_text]<strong>JEANNE STEPHANIE LOUISE ANNEMANS [1883 &#8211; 1948]<\/strong><\/p>\n<p>Comme vous le savez mainteant, elle f\u00fbt mari\u00e9e le 17 D\u00e9cembre 1912 avec Charles Merzbach et voici la donation qu\u2019ils ont re\u00e7us :[\/vc_column_text][vc_column_text]D\u00e9couvrez \u00e9galement un scan de son ch\u00e9quier, le faire part de d\u00e9c\u00e8s ainsi que ces d\u00e9clarations datant 1947[\/vc_column_text][vc_btn title=&#8221;Gallerie photo&#8221; style=&#8221;outline&#8221; color=&#8221;inverse&#8221; size=&#8221;xs&#8221; link=&#8221;url:http%3A%2F%2Fmerzbach.be%2Findex.php%2Fgallery%2Fdocuments-jeanne%2F|title:Documents%20Jeanne||&#8221;][\/vc_column_inner][\/vc_row_inner][\/vc_tta_section][\/vc_tta_tabs][\/vc_column][\/vc_row][\/vc_section][vc_section][vc_row equal_height=&#8221;yes&#8221; content_placement=&#8221;middle&#8221;][vc_column width=&#8221;1\/2&#8243;][vc_single_image image=&#8221;1849&#8243; img_size=&#8221;large&#8221; alignment=&#8221;center&#8221; style=&#8221;vc_box_border&#8221; onclick=&#8221;link_image&#8221;][\/vc_column][vc_column width=&#8221;1\/2&#8243;][vc_custom_heading text=&#8221;C\u00e9l\u00e9bration des 50 ans de mariage de Pierre Annemans avec Charlotte Van Volxem&#8221; font_container=&#8221;tag:h5|font_size:18px|text_align:left|color:%23666666|line_height:1.6em&#8221; google_fonts=&#8221;font_family:Bitter%3Aregular%2Citalic%2C700|font_style:400%20regular%3A400%3Anormal&#8221; css_animation=&#8221;fadeIn&#8221;][vc_column_text]La photo \u00e0 \u00e9t\u00e9 prise au &#8220;Linthout&#8221; et on y voit les inscriptions suivantes:<\/p>\n<ul>\n<li><strong>1870<\/strong> : R\u00e9pr\u00e9sente l&#8217;ann\u00e9e de mariage de Pierre et Charlotte<\/li>\n<li><strong>1920<\/strong> : C&#8217;est l\u2019ann\u00e9e de leur 50 ans de mariage<\/li>\n<\/ul>\n<p>[\/vc_column_text][\/vc_column][\/vc_row][vc_row][vc_column][vc_message message_box_color=&#8221;chino&#8221;]<\/p>\n<p style=\"text-align: justify;\">Un grand merci \u00e0 Nicole d\u2019avoir partag\u00e9 ce souvenir de famille qui nous permet de mettre \u00ab\u00a0une photo\u00a0\u00bb sur nos anc\u00eatres Annemans.<\/p>\n<p>[\/vc_message][\/vc_column][\/vc_row][vc_row][vc_column][vc_empty_space][vc_tta_tabs style=&#8221;outline&#8221; color=&#8221;black&#8221; spacing=&#8221;5&#8243; tab_position=&#8221;bottom&#8221; alignment=&#8221;center&#8221; active_section=&#8221;1&#8243; no_fill_content_area=&#8221;true&#8221;][vc_tta_section i_type=&#8221;linecons&#8221; i_icon_linecons=&#8221;vc_li vc_li-user&#8221; add_icon=&#8221;true&#8221; tab_id=&#8221;1585426314705-21838159-587a&#8221;][vc_row_inner equal_height=&#8221;yes&#8221; css=&#8221;.vc_custom_1585426420876{margin-top: -20px !important;}&#8221;][vc_column_inner width=&#8221;1\/2&#8243;][vc_icon type=&#8221;linecons&#8221; icon_linecons=&#8221;vc_li vc_li-search&#8221; color=&#8221;black&#8221; background_style=&#8221;rounded-outline&#8221; background_color=&#8221;chino&#8221; size=&#8221;sm&#8221; align=&#8221;center&#8221;][vc_custom_heading text=&#8221;Zoom sur l&#8217;image&#8221; font_container=&#8221;tag:h6|font_size:15%20px|text_align:center|color:%233f3f3f&#8221; google_fonts=&#8221;font_family:Open%20Sans%3A300%2C300italic%2Cregular%2Citalic%2C600%2C600italic%2C700%2C700italic%2C800%2C800italic|font_style:400%20regular%3A400%3Anormal&#8221; css=&#8221;.vc_custom_1585427149256{margin-top: -5px !important;}&#8221;][vc_empty_space height=&#8221;27px&#8221;][vc_custom_heading text=&#8221;Reconnaissez-vous certain personnages?&#8221; font_container=&#8221;tag:h5|font_size:18px|text_align:right|color:%23666666|line_height:1.6em&#8221; google_fonts=&#8221;font_family:Bitter%3Aregular%2Citalic%2C700|font_style:400%20regular%3A400%3Anormal&#8221; css_animation=&#8221;fadeIn&#8221;][\/vc_column_inner][vc_column_inner width=&#8221;1\/2&#8243;][vc_single_image image=&#8221;2072&#8243; img_size=&#8221;large&#8221;][\/vc_column_inner][\/vc_row_inner][\/vc_tta_section][vc_tta_section i_type=&#8221;linecons&#8221; i_icon_linecons=&#8221;vc_li vc_li-search&#8221; add_icon=&#8221;true&#8221; title=&#8221;R\u00e9ponse&#8221; tab_id=&#8221;1585426314710-1be955a9-d475&#8243;][vc_row_inner css=&#8221;.vc_custom_1584878156428{margin-top: -20px !important;}&#8221;][vc_column_inner width=&#8221;1\/2&#8243;][vc_custom_heading text=&#8221;1.\tMarie Annemans `{`1871 \u2013 1937`}`<br \/>\n2.\tConstant La Haye `{`1877 \u2013 1950`}`<br \/>\n3.\tAlice Annemans `{`1877 \u2013 1943`}`<br \/>\n4.\tLouis Lahaye `{`1904 \u2013 1938`}`<br \/>\n5.\tLucie Annemans `{`1873 \u2013 1936`}`<br \/>\n6.\tCharles Merzbach `{`1875 \u2013 1943`}`<br \/>\n7.\tJeanne Annemans `{`1883 \u2013 1948`}`<br \/>\n8.\tBerthe Annemans `{`1872 \u2013 1926`}`<br \/>\n9.\tPierre La Haye `{`1903 \u2013 1992`}`<br \/>\n10.\tCharlotte Van Volxem `{`1850 \u2013 1924`}`<br \/>\n11.\tHenri Merzbach `{`1920 \u2013 2017`}`<br \/>\n12.\tPierre Annemans `{`1849 \u2013 1926`}`<br \/>\n13.\tGhislaine Merzbach `{`1913 \u2013 2010`}`<br \/>\n14.\tClaire Merzbach `{`1914 \u2013 1998`}`&#8221; font_container=&#8221;tag:p|font_size:15px|text_align:left&#8221; use_theme_fonts=&#8221;yes&#8221;][\/vc_column_inner][vc_column_inner width=&#8221;1\/2&#8243;][vc_single_image image=&#8221;2073&#8243; img_size=&#8221;large&#8221;][\/vc_column_inner][\/vc_row_inner][\/vc_tta_section][\/vc_tta_tabs][\/vc_column][\/vc_row][\/vc_section][vc_section disable_element=&#8221;yes&#8221;][vc_row equal_height=&#8221;yes&#8221; content_placement=&#8221;middle&#8221;][vc_column width=&#8221;1\/2&#8243;][vc_custom_heading text=&#8221;Elle m\u00e8ne au&#8221; font_container=&#8221;tag:p|font_size:18%20px|text_align:center|color:%233f3f3f|line_height:1.6%20em&#8221; google_fonts=&#8221;font_family:Bitter%3Aregular%2Citalic%2C700|font_style:400%20regular%3A400%3Anormal&#8221; css_animation=&#8221;none&#8221;][vc_custom_heading text=&#8221;ch\u00e2teau de Varsovie&#8221; font_container=&#8221;tag:p|font_size:22%20px|text_align:center|color:%23ccc0a8|line_height:1.7%20em&#8221; google_fonts=&#8221;font_family:Bitter%3Aregular%2Citalic%2C700|font_style:700%20bold%20regular%3A700%3Anormal&#8221; css_animation=&#8221;none&#8221; css=&#8221;.vc_custom_1589216861222{margin-top: -18px !important;}&#8221;][vc_custom_heading text=&#8221;et \u00e0 la&#8221; font_container=&#8221;tag:p|font_size:18%20px|text_align:center|color:%233f3f3f|line_height:1.6%20em&#8221; google_fonts=&#8221;font_family:Bitter%3Aregular%2Citalic%2C700|font_style:400%20regular%3A400%3Anormal&#8221; css_animation=&#8221;none&#8221; css=&#8221;.vc_custom_1589216953121{margin-top: -15px !important;}&#8221;][vc_custom_heading text=&#8221;kolumna Zigmunta&#8221; font_container=&#8221;tag:p|font_size:22%20px|text_align:center|color:%23ccc0a8|line_height:1.7%20em&#8221; google_fonts=&#8221;font_family:Bitter%3Aregular%2Citalic%2C700|font_style:700%20bold%20regular%3A700%3Anormal&#8221; css_animation=&#8221;none&#8221; css=&#8221;.vc_custom_1589216869706{margin-top: -18px !important;}&#8221;][vc_custom_heading text=&#8221;qui est le coeur de la ville&#8221; font_container=&#8221;tag:p|font_size:19%20px|text_align:center|color:%233f3f3f|line_height:1.6%20em&#8221; google_fonts=&#8221;font_family:Bitter%3Aregular%2Citalic%2C700|font_style:700%20bold%20regular%3A700%3Anormal&#8221; css_animation=&#8221;none&#8221; css=&#8221;.vc_custom_1589216969992{margin-top: -15px !important;}&#8221;][vc_custom_heading text=&#8221;(et l\u2019entr\u00e9e de l\u2019ancienne ville, reconstruite pierre par pierre, apr\u00e8s la destruction ordonn\u00e9e par Hitler)&#8221; font_container=&#8221;tag:p|font_size:15%20px|text_align:center|color:%23999999|line_height:1.6%20em&#8221; google_fonts=&#8221;font_family:Bitter%3Aregular%2Citalic%2C700|font_style:400%20regular%3A400%3Anormal&#8221; css=&#8221;.vc_custom_1589216824485{margin-top: -10px !important;}&#8221;][\/vc_column][vc_column width=&#8221;1\/2&#8243; offset=&#8221;vc_hidden-xs&#8221;][vc_single_image image=&#8221;4106&#8243; img_size=&#8221;538&#215;400&#8243; add_caption=&#8221;yes&#8221; alignment=&#8221;center&#8221; style=&#8221;vc_box_border&#8221;][\/vc_column][\/vc_row][vc_row][vc_column width=&#8221;1\/4&#8243;][vc_icon type=&#8221;openiconic&#8221; icon_openiconic=&#8221;vc-oi vc-oi-quote-left&#8221; color=&#8221;chino&#8221; align=&#8221;center&#8221; css_animation=&#8221;flipInY&#8221;][\/vc_column][vc_column width=&#8221;1\/2&#8243;][vc_custom_heading text=&#8221;Il poss\u00e9dait une connaissance&#8221; font_container=&#8221;tag:p|font_size:19%20px|text_align:center|color:%23ccc0a8|line_height:1.6%20em&#8221; google_fonts=&#8221;font_family:Bitter%3Aregular%2Citalic%2C700|font_style:400%20regular%3A400%3Anormal&#8221; css_animation=&#8221;none&#8221;][vc_custom_heading text=&#8221;approfondie de la langue polonaise&#8221; font_container=&#8221;tag:p|font_size:22%20px|text_align:center|color:%233f3f3f|line_height:1.7%20em&#8221; google_fonts=&#8221;font_family:Bitter%3Aregular%2Citalic%2C700|font_style:700%20bold%20regular%3A700%3Anormal&#8221; css_animation=&#8221;none&#8221; css=&#8221;.vc_custom_1589214221423{margin-top: -15px !important;}&#8221;][vc_custom_heading text=&#8221;et il \u00e9tait&#8221; font_container=&#8221;tag:p|font_size:18px|text_align:center|color:%233f3f3f|line_height:1.6%20em&#8221; google_fonts=&#8221;font_family:Bitter%3Aregular%2Citalic%2C700|font_style:400%20regular%3A400%3Anormal&#8221; css_animation=&#8221;none&#8221; css=&#8221;.vc_custom_1589214038334{margin-top: -15px !important;}&#8221;][vc_custom_heading text=&#8221;autodidacte avec un savoir tr\u00e8s \u00e9tendu.&#8221; font_container=&#8221;tag:p|font_size:22%20px|text_align:center|color:%233f3f3f|line_height:1.7%20em&#8221; google_fonts=&#8221;font_family:Bitter%3Aregular%2Citalic%2C700|font_style:700%20bold%20regular%3A700%3Anormal&#8221; css_animation=&#8221;none&#8221; css=&#8221;.vc_custom_1589214230605{margin-top: -15px !important;}&#8221;][\/vc_column][vc_column width=&#8221;1\/4&#8243; offset=&#8221;vc_hidden-xs&#8221;][vc_empty_space height=&#8221;70px&#8221;][vc_icon type=&#8221;openiconic&#8221; icon_openiconic=&#8221;vc-oi vc-oi-quote-right&#8221; color=&#8221;chino&#8221; align=&#8221;center&#8221; css_animation=&#8221;flipInY&#8221;][\/vc_column][\/vc_row][vc_row equal_height=&#8221;yes&#8221; content_placement=&#8221;middle&#8221;][vc_column css_animation=&#8221;none&#8221; width=&#8221;1\/2&#8243;][vc_custom_heading text=&#8221;Sigismond cr\u00e9a la&#8221; font_container=&#8221;tag:p|font_size:19%20px|text_align:center|color:%233f3f3f|line_height:1.6%20em&#8221; google_fonts=&#8221;font_family:Bitter%3Aregular%2Citalic%2C700|font_style:400%20regular%3A400%3Anormal&#8221; css_animation=&#8221;none&#8221;][vc_custom_heading text=&#8221;<b>Coupe d&#8217;argent des Merzbach<\/b>&#8221; font_container=&#8221;tag:p|font_size:22%20px|text_align:center|color:%233f3f3f|line_height:1.7%20em&#8221; google_fonts=&#8221;font_family:Bitter%3Aregular%2Citalic%2C700|font_style:700%20bold%20regular%3A700%3Anormal&#8221; css_animation=&#8221;flipInY&#8221; css=&#8221;.vc_custom_1589213612621{margin-top: -15px !important;}&#8221;][vc_custom_heading text=&#8221;pour les 25 ans de mariage de ces parents en 1836&#8243; font_container=&#8221;tag:p|font_size:17%20px|text_align:center|color:%23ccc0a8|line_height:1.6%20em&#8221; google_fonts=&#8221;font_family:Bitter%3Aregular%2Citalic%2C700|font_style:400%20regular%3A400%3Anormal&#8221; css_animation=&#8221;none&#8221; css=&#8221;.vc_custom_1589213486471{margin-top: -15px !important;}&#8221;][vc_separator border_width=&#8221;3&#8243; el_width=&#8221;10&#8243; css_animation=&#8221;fadeInDown&#8221;][vc_btn title=&#8221;En savoir plus&#8221; style=&#8221;outline&#8221; color=&#8221;inverse&#8221; size=&#8221;xs&#8221; align=&#8221;center&#8221; i_type=&#8221;linecons&#8221; i_icon_linecons=&#8221;vc_li vc_li-search&#8221; css_animation=&#8221;flipInX&#8221; add_icon=&#8221;true&#8221; link=&#8221;url:http%3A%2F%2Fmerzbach.be%2Findex.php%2Fportfolio%2Fla-coupe-dargent-des-merzbach%2F|title:La%20coupe%20des%20Merzbach|target:%20_blank|&#8221;][\/vc_column][vc_column width=&#8221;1\/2&#8243;][vc_single_image image=&#8221;2534&#8243; img_size=&#8221;319&#215;350&#8243; add_caption=&#8221;yes&#8221; alignment=&#8221;center&#8221; onclick=&#8221;link_image&#8221; css_animation=&#8221;none&#8221;][\/vc_column][\/vc_row][\/vc_section]<\/p>\n","protected":false},"excerpt":{"rendered":"<p>[vc_section][vc_row][vc_column][vc_text_separator title=&#8221;HISTOIRE&#8221; title_align=&#8221;separator_align_left&#8221; color=&#8221;chino&#8221; border_width=&#8221;2&#8243;][\/vc_column][\/vc_row][vc_row equal_height=&#8221;yes&#8221; content_placement=&#8221;middle&#8221;][vc_column width=&#8221;1\/3&#8243;][vc_single_image image=&#8221;1735&#8243; img_size=&#8221;304&#215;370&#8243; add_caption=&#8221;yes&#8221; alignment=&#8221;center&#8221; style=&#8221;vc_box_border&#8221; onclick=&#8221;link_image&#8221;][\/vc_column][vc_column width=&#8221;2\/3&#8243;][vc_custom_heading text=&#8221;Jeanne Annemans `{`1883 &#8211; 1948`}`&#8221; font_container=&#8221;tag:h3|font_size:24px|text_align:left|line_height:1.6em&#8221; google_fonts=&#8221;font_family:Open%20Sans%3A300%2C300italic%2Cregular%2Citalic%2C600%2C600italic%2C700%2C700italic%2C800%2C800italic|font_style:600%20bold%20regular%3A600%3Anormal&#8221; css_animation=&#8221;fadeInDown&#8221;][vc_custom_heading text=&#8221;Jeanne St\u00e9phanie Louise Annemans est la femme de Charles Merzbach et se sont mari\u00e9 17 d\u00e9cembre 1912.&#8221; font_container=&#8221;tag:h3|font_size:18px|text_align:left|color:%23666666|line_height:1.6em&#8221; google_fonts=&#8221;font_family:Bitter%3Aregular%2Citalic%2C700|font_style:400%20regular%3A400%3Anormal&#8221; css_animation=&#8221;fadeIn&#8221;][vc_column_text] Elle est n\u00e9e \u00e0 Bruxelles 6 f\u00e9vrier 1883 et d\u00e9c\u00e8de aux \u00ab [&hellip;]<\/p>\n","protected":false},"author":1,"featured_media":1077,"parent":0,"menu_order":0,"comment_status":"closed","ping_status":"closed","template":"","meta":[],"yoast_head":"<!-- This site is optimized with the Yoast SEO plugin v19.8 - https:\/\/yoast.com\/wordpress\/plugins\/seo\/ -->\n<title>Jeanne Annemans | Merzbach .be<\/title>\n<meta name=\"description\" content=\"A travers ce site d\u00e9couvrez l&#039;histoire des principales personnes de la famille Merzbach Belgo-Polonaise. Jeanne Annemans est la femme de Charles Merzbach.\" \/>\n<meta name=\"robots\" content=\"index, follow, max-snippet:-1, max-image-preview:large, max-video-preview:-1\" \/>\n<link rel=\"canonical\" href=\"https:\/\/merzbach.be\/index.php\/jeanne-annemans\/\" \/>\n<meta property=\"og:locale\" content=\"en_US\" \/>\n<meta property=\"og:type\" content=\"article\" \/>\n<meta property=\"og:title\" content=\"Jeanne Annemans | Merzbach .be\" \/>\n<meta property=\"og:description\" content=\"A travers ce site d\u00e9couvrez l&#039;histoire des principales personnes de la famille Merzbach Belgo-Polonaise. Jeanne Annemans est la femme de Charles Merzbach.\" \/>\n<meta property=\"og:url\" content=\"https:\/\/merzbach.be\/index.php\/jeanne-annemans\/\" \/>\n<meta property=\"og:site_name\" content=\"Merzbach\" \/>\n<meta property=\"article:modified_time\" content=\"2020-05-16T12:53:11+00:00\" \/>\n<meta property=\"og:image\" content=\"http:\/\/merzbach.be\/wp-content\/uploads\/2020\/02\/joao-silas-I_LgQ8JZFGE-unsplash-scaled.jpg\" \/>\n\t<meta property=\"og:image:width\" content=\"2560\" \/>\n\t<meta property=\"og:image:height\" content=\"1707\" \/>\n\t<meta property=\"og:image:type\" content=\"image\/jpeg\" \/>\n<meta name=\"twitter:card\" content=\"summary_large_image\" \/>\n<meta name=\"twitter:label1\" content=\"Est. reading time\" \/>\n\t<meta name=\"twitter:data1\" content=\"23 minutes\" \/>\n<script type=\"application\/ld+json\" class=\"yoast-schema-graph\">{\"@context\":\"https:\/\/schema.org\",\"@graph\":[{\"@type\":\"WebPage\",\"@id\":\"https:\/\/merzbach.be\/index.php\/jeanne-annemans\/\",\"url\":\"https:\/\/merzbach.be\/index.php\/jeanne-annemans\/\",\"name\":\"Jeanne Annemans | Merzbach .be\",\"isPartOf\":{\"@id\":\"https:\/\/merzbach.be\/#website\"},\"datePublished\":\"2020-03-19T16:17:45+00:00\",\"dateModified\":\"2020-05-16T12:53:11+00:00\",\"description\":\"A travers ce site d\u00e9couvrez l'histoire des principales personnes de la famille Merzbach Belgo-Polonaise. Jeanne Annemans est la femme de Charles Merzbach.\",\"breadcrumb\":{\"@id\":\"https:\/\/merzbach.be\/index.php\/jeanne-annemans\/#breadcrumb\"},\"inLanguage\":\"en-US\",\"potentialAction\":[{\"@type\":\"ReadAction\",\"target\":[\"https:\/\/merzbach.be\/index.php\/jeanne-annemans\/\"]}]},{\"@type\":\"BreadcrumbList\",\"@id\":\"https:\/\/merzbach.be\/index.php\/jeanne-annemans\/#breadcrumb\",\"itemListElement\":[{\"@type\":\"ListItem\",\"position\":1,\"name\":\"Accueil\",\"item\":\"https:\/\/merzbach.be\/\"},{\"@type\":\"ListItem\",\"position\":2,\"name\":\"Jeanne Annemans\"}]},{\"@type\":\"WebSite\",\"@id\":\"https:\/\/merzbach.be\/#website\",\"url\":\"https:\/\/merzbach.be\/\",\"name\":\"Merzbach\",\"description\":\"Merzbach&#039;s Familly\",\"publisher\":{\"@id\":\"https:\/\/merzbach.be\/#\/schema\/person\/4fa577873e7be3faca897be81b348d63\"},\"potentialAction\":[{\"@type\":\"SearchAction\",\"target\":{\"@type\":\"EntryPoint\",\"urlTemplate\":\"https:\/\/merzbach.be\/?s={search_term_string}\"},\"query-input\":\"required name=search_term_string\"}],\"inLanguage\":\"en-US\"},{\"@type\":[\"Person\",\"Organization\"],\"@id\":\"https:\/\/merzbach.be\/#\/schema\/person\/4fa577873e7be3faca897be81b348d63\",\"name\":\"adrienmerzbach\",\"image\":{\"@type\":\"ImageObject\",\"inLanguage\":\"en-US\",\"@id\":\"https:\/\/merzbach.be\/#\/schema\/person\/image\/\",\"url\":\"https:\/\/merzbach.be\/wp-content\/uploads\/2020\/02\/Icone-du-site.png\",\"contentUrl\":\"https:\/\/merzbach.be\/wp-content\/uploads\/2020\/02\/Icone-du-site.png\",\"width\":512,\"height\":512,\"caption\":\"adrienmerzbach\"},\"logo\":{\"@id\":\"https:\/\/merzbach.be\/#\/schema\/person\/image\/\"}}]}<\/script>\n<!-- \/ Yoast SEO plugin. -->","yoast_head_json":{"title":"Jeanne Annemans | Merzbach .be","description":"A travers ce site d\u00e9couvrez l'histoire des principales personnes de la famille Merzbach Belgo-Polonaise. Jeanne Annemans est la femme de Charles Merzbach.","robots":{"index":"index","follow":"follow","max-snippet":"max-snippet:-1","max-image-preview":"max-image-preview:large","max-video-preview":"max-video-preview:-1"},"canonical":"https:\/\/merzbach.be\/index.php\/jeanne-annemans\/","og_locale":"en_US","og_type":"article","og_title":"Jeanne Annemans | Merzbach .be","og_description":"A travers ce site d\u00e9couvrez l'histoire des principales personnes de la famille Merzbach Belgo-Polonaise. Jeanne Annemans est la femme de Charles Merzbach.","og_url":"https:\/\/merzbach.be\/index.php\/jeanne-annemans\/","og_site_name":"Merzbach","article_modified_time":"2020-05-16T12:53:11+00:00","og_image":[{"width":2560,"height":1707,"url":"http:\/\/merzbach.be\/wp-content\/uploads\/2020\/02\/joao-silas-I_LgQ8JZFGE-unsplash-scaled.jpg","type":"image\/jpeg"}],"twitter_card":"summary_large_image","twitter_misc":{"Est. reading time":"23 minutes"},"schema":{"@context":"https:\/\/schema.org","@graph":[{"@type":"WebPage","@id":"https:\/\/merzbach.be\/index.php\/jeanne-annemans\/","url":"https:\/\/merzbach.be\/index.php\/jeanne-annemans\/","name":"Jeanne Annemans | Merzbach .be","isPartOf":{"@id":"https:\/\/merzbach.be\/#website"},"datePublished":"2020-03-19T16:17:45+00:00","dateModified":"2020-05-16T12:53:11+00:00","description":"A travers ce site d\u00e9couvrez l'histoire des principales personnes de la famille Merzbach Belgo-Polonaise. Jeanne Annemans est la femme de Charles Merzbach.","breadcrumb":{"@id":"https:\/\/merzbach.be\/index.php\/jeanne-annemans\/#breadcrumb"},"inLanguage":"en-US","potentialAction":[{"@type":"ReadAction","target":["https:\/\/merzbach.be\/index.php\/jeanne-annemans\/"]}]},{"@type":"BreadcrumbList","@id":"https:\/\/merzbach.be\/index.php\/jeanne-annemans\/#breadcrumb","itemListElement":[{"@type":"ListItem","position":1,"name":"Accueil","item":"https:\/\/merzbach.be\/"},{"@type":"ListItem","position":2,"name":"Jeanne Annemans"}]},{"@type":"WebSite","@id":"https:\/\/merzbach.be\/#website","url":"https:\/\/merzbach.be\/","name":"Merzbach","description":"Merzbach&#039;s Familly","publisher":{"@id":"https:\/\/merzbach.be\/#\/schema\/person\/4fa577873e7be3faca897be81b348d63"},"potentialAction":[{"@type":"SearchAction","target":{"@type":"EntryPoint","urlTemplate":"https:\/\/merzbach.be\/?s={search_term_string}"},"query-input":"required name=search_term_string"}],"inLanguage":"en-US"},{"@type":["Person","Organization"],"@id":"https:\/\/merzbach.be\/#\/schema\/person\/4fa577873e7be3faca897be81b348d63","name":"adrienmerzbach","image":{"@type":"ImageObject","inLanguage":"en-US","@id":"https:\/\/merzbach.be\/#\/schema\/person\/image\/","url":"https:\/\/merzbach.be\/wp-content\/uploads\/2020\/02\/Icone-du-site.png","contentUrl":"https:\/\/merzbach.be\/wp-content\/uploads\/2020\/02\/Icone-du-site.png","width":512,"height":512,"caption":"adrienmerzbach"},"logo":{"@id":"https:\/\/merzbach.be\/#\/schema\/person\/image\/"}}]}},"_links":{"self":[{"href":"https:\/\/merzbach.be\/index.php\/wp-json\/wp\/v2\/pages\/1639"}],"collection":[{"href":"https:\/\/merzbach.be\/index.php\/wp-json\/wp\/v2\/pages"}],"about":[{"href":"https:\/\/merzbach.be\/index.php\/wp-json\/wp\/v2\/types\/page"}],"author":[{"embeddable":true,"href":"https:\/\/merzbach.be\/index.php\/wp-json\/wp\/v2\/users\/1"}],"replies":[{"embeddable":true,"href":"https:\/\/merzbach.be\/index.php\/wp-json\/wp\/v2\/comments?post=1639"}],"version-history":[{"count":113,"href":"https:\/\/merzbach.be\/index.php\/wp-json\/wp\/v2\/pages\/1639\/revisions"}],"predecessor-version":[{"id":4418,"href":"https:\/\/merzbach.be\/index.php\/wp-json\/wp\/v2\/pages\/1639\/revisions\/4418"}],"wp:featuredmedia":[{"embeddable":true,"href":"https:\/\/merzbach.be\/index.php\/wp-json\/wp\/v2\/media\/1077"}],"wp:attachment":[{"href":"https:\/\/merzbach.be\/index.php\/wp-json\/wp\/v2\/media?parent=1639"}],"curies":[{"name":"wp","href":"https:\/\/api.w.org\/{rel}","templated":true}]}}